{"id":162,"date":"2019-07-01T19:48:46","date_gmt":"2019-07-01T18:48:46","guid":{"rendered":"http:\/\/www.rdb-freiberg.de\/?page_id=162"},"modified":"2019-11-15T20:32:04","modified_gmt":"2019-11-15T19:32:04","slug":"fachexkursion-des-bv-tu-bergakademie-freiberg","status":"publish","type":"page","link":"http:\/\/www.rdb-freiberg.de\/?page_id=162","title":{"rendered":"Fachexkursion des BV TU Bergakademie Freiberg 2019"},"content":{"rendered":"\n<p>Fachexkursion des BV TU Bergakademie Freiberg vom 09.04. bis 12.04.2019 zum BV Pei\u00dfenberg \/ \u201ebauma\u201c-Messe M\u00fcnchen.<br> <br><\/p>\n\n\n\n<p><strong>Dienstag, 09.04.2019<br><\/strong>Um 8:00 Uhr startete die Exkursionsgruppe von Freiberg in Richtung Tauting auf. Kurz vor Ingolstadt wurde spontan entschieden, einen Halt am Audi museum mobile einzulegen. Die Geschichte und Entwicklung des Unternehmens Audi wurde anschaulich und informativ unter Ber\u00fccksichtigung besonderer Studien und Prototypen und entscheidender Pers\u00f6nlichkeiten, wie dem Ingenieur August Horch dargestellt. Dabei sind \u00fcber 100 Exponate ausgestellt, die sich aus Automobilen, Motorr\u00e4dern und sogar Fahrr\u00e4dern zusammensetzen. August Horch war eine gesamte Etage in einer Sonderausstellung aufgrund seines 150. Geburtstages gewidmet. Die Walz und sein Studium in Mittweida, aber auch Armut und Not in der Nachkriegszeit sind Inhalt der Ausstellung. Abgeschlossen wurde der Besuch von einem Imagefilm der Firma Audi in 3D, der die moderne Automobilfertigung und das Unternehmen vorstellt.<\/p>\n\n\n\n<style type=\"text\/css\">\n#foogallery-gallery-165 .fg-image { width: 150px; }\n#foogallery-gallery-165 { --fg-gutter: 10px; }<\/style>\n\t\t\t<div class=\"foogallery foogallery-container foogallery-default foogallery-lightbox-none fg-center fg-default fg-ready fg-light fg-border-thin fg-shadow-outline fg-loading-default fg-loaded-fade-in fg-caption-hover fg-hover-fade fg-hover-zoom\" id=\"foogallery-gallery-165\" data-foogallery=\"{&quot;item&quot;:{&quot;showCaptionTitle&quot;:true,&quot;showCaptionDescription&quot;:true},&quot;lazy&quot;:true}\" style=\"--fg-title-line-clamp: 0; --fg-description-line-clamp: 0;\" >\n\t<div class=\"fg-item fg-type-image fg-idle\"><figure class=\"fg-item-inner\"><a href=\"http:\/\/www.rdb-freiberg.de\/wp-content\/uploads\/2019\/07\/Bild-2.jpg\" data-caption-desc=\"Historische Motorr\u00e4der\n(Privat)\" data-attachment-id=\"167\" data-type=\"image\" class=\"fg-thumb\"><span class=\"fg-image-wrap\"><img decoding=\"async\" width=\"150\" height=\"150\" class=\"skip-lazy fg-image\" data-src-fg=\"http:\/\/www.rdb-freiberg.de\/wp-content\/uploads\/cache\/2019\/07\/Bild-2\/2884864468.jpg\" src=\"data:image\/svg+xml,%3Csvg%20xmlns%3D%22http%3A%2F%2Fwww.w3.org%2F2000%2Fsvg%22%20width%3D%22150%22%20height%3D%22150%22%20viewBox%3D%220%200%20150%20150%22%3E%3C%2Fsvg%3E\" loading=\"eager\"><\/span><span class=\"fg-image-overlay\"><\/span><\/a><figcaption class=\"fg-caption\"><div class=\"fg-caption-inner\"><div class=\"fg-caption-desc\">Historische Motorr\u00e4der\n(Privat)<\/div><\/div><\/figcaption><\/figure><div class=\"fg-loader\"><\/div><\/div><div class=\"fg-item fg-type-image fg-idle\"><figure class=\"fg-item-inner\"><a href=\"http:\/\/www.rdb-freiberg.de\/wp-content\/uploads\/2019\/07\/Bild-1.jpg\" data-caption-desc=\"Paternoster mit Konzeptmodellen\n(Privat)\" data-attachment-id=\"166\" data-type=\"image\" class=\"fg-thumb\"><span class=\"fg-image-wrap\"><img decoding=\"async\" width=\"150\" height=\"150\" class=\"skip-lazy fg-image\" data-src-fg=\"http:\/\/www.rdb-freiberg.de\/wp-content\/uploads\/cache\/2019\/07\/Bild-1\/1116412481.jpg\" src=\"data:image\/svg+xml,%3Csvg%20xmlns%3D%22http%3A%2F%2Fwww.w3.org%2F2000%2Fsvg%22%20width%3D%22150%22%20height%3D%22150%22%20viewBox%3D%220%200%20150%20150%22%3E%3C%2Fsvg%3E\" loading=\"eager\"><\/span><span class=\"fg-image-overlay\"><\/span><\/a><figcaption class=\"fg-caption\"><div class=\"fg-caption-inner\"><div class=\"fg-caption-desc\">Paternoster mit Konzeptmodellen\n(Privat)<\/div><\/div><\/figcaption><\/figure><div class=\"fg-loader\"><\/div><\/div><\/div>\n\n\n\n\n<p>Nachdem die Unterk\u00fcnfte in Tauting bezogen wurden, fuhr die Gruppe noch an den naheliegenden Staffelsee. Abends waren alle bei Martin M\u00fcller, dem 1. Vorsitzenden des BV Pei\u00dfenberg, und seiner Frau zum Abendessen eingeladen. Nach dem Essen wurden noch viele Gespr\u00e4che \u00fcber diverse Themen gef\u00fchrt und unter anderem Tipps f\u00fcr den folgenden Tag auf der \u201ebauma\u201c eingeholt. <br><br><\/p>\n\n\n\n<p><\/p>\n\n\n\n<p><strong>Mittwoch, 10.04.2019<br><\/strong>Mit dem Zug ging es am zweiten Tag von Huglfing aus \u00fcber den Hauptbahnhof M\u00fcnchen, zum Messegel\u00e4nde. Dort angekommen teilten sich alle in kleinere Gruppen auf. So konnte die Messe individueller erkundet werden. Ein Aspekt, der in vielen Ausstellungshallen zu finden war, ist die Industrie 4.0. So wurden Bagger der Fa. Komatsu vorgestellt, die sensorgest\u00fctzt dem Bediener helfen ein ebenes Planum zu erstellen. Zus\u00e4tzlich bot eine Vielzahl der Aussteller an, ihre Maschinen \u00fcber Simulatoren auszuprobieren, die f\u00fcr die betriebsinterne Aus- und Weiterbildung eingesetzt werden. Damit werden Sch\u00e4den besonders an teuren Maschinen durch eventuelle Bedienungsfehler vermieden. So konnten u.a. Grader, SKWs und Hydraulikbagger getestet werden. Selbstverst\u00e4ndlich ist es nicht mit dem realen Einsatz vergleichbar, stellt jedoch gerade f\u00fcr Studenten eine Chance dar, die Bedienung solcher Ger\u00e4te kennenzulernen. Ein Highlight war der Au\u00dfenbereich, auf dem beeindruckende Maschinen aller Bereiche der Baubranche, teilweise in Live-Shows, pr\u00e4sentiert wurden. Nach einem ganzen Tag voller neuer Eindr\u00fccke und \u00fcber 10 km zur\u00fcckgelegter Strecke auf dem Messegel\u00e4nde, schlossen wir den Abend bei einem gemeinsamen Abendessen ab. <\/p>\n\n\n\n<p> <style type=\"text\/css\">\n#foogallery-gallery-173 .fg-image { width: 150px; }\n#foogallery-gallery-173 { --fg-gutter: 10px; }<\/style>\n\t\t\t<div class=\"foogallery foogallery-container foogallery-default foogallery-lightbox-none fg-center fg-default fg-ready fg-light fg-border-thin fg-shadow-outline fg-loading-default fg-loaded-fade-in fg-caption-hover fg-hover-fade fg-hover-zoom\" id=\"foogallery-gallery-173\" data-foogallery=\"{&quot;item&quot;:{&quot;showCaptionTitle&quot;:true,&quot;showCaptionDescription&quot;:true},&quot;lazy&quot;:true}\" style=\"--fg-title-line-clamp: 0; --fg-description-line-clamp: 0;\" >\n\t<div class=\"fg-item fg-type-image fg-idle\"><figure class=\"fg-item-inner\"><a href=\"http:\/\/www.rdb-freiberg.de\/wp-content\/uploads\/2019\/07\/Bild-3.jpg\" data-caption-desc=\"Vorf\u00fchrung der Fa. Komatsu auf dem Au\u00dfengel\u00e4nde\n(Privat)\" data-attachment-id=\"168\" data-type=\"image\" class=\"fg-thumb\"><span class=\"fg-image-wrap\"><img decoding=\"async\" width=\"150\" height=\"150\" class=\"skip-lazy fg-image\" data-src-fg=\"http:\/\/www.rdb-freiberg.de\/wp-content\/uploads\/cache\/2019\/07\/Bild-3\/271298177.jpg\" src=\"data:image\/svg+xml,%3Csvg%20xmlns%3D%22http%3A%2F%2Fwww.w3.org%2F2000%2Fsvg%22%20width%3D%22150%22%20height%3D%22150%22%20viewBox%3D%220%200%20150%20150%22%3E%3C%2Fsvg%3E\" loading=\"eager\"><\/span><span class=\"fg-image-overlay\"><\/span><\/a><figcaption class=\"fg-caption\"><div class=\"fg-caption-inner\"><div class=\"fg-caption-desc\">Vorf\u00fchrung der Fa. Komatsu auf dem Au\u00dfengel\u00e4nde\n(Privat)<\/div><\/div><\/figcaption><\/figure><div class=\"fg-loader\"><\/div><\/div><\/div>\n <br><br><\/p>\n\n\n\n<p><\/p>\n\n\n\n<p><strong>Donnerstag, 11.04.2019<br><\/strong>F\u00fcr diesen Tag war bereits um 17 Uhr ein Treffen mit dem Pei\u00dfenberger Knappenverein am Bergbaumuseum in Pei\u00dfenberg geplant. Aus zeitlichen Gr\u00fcnden entschieden wir uns gemeinsam gegen einen erneuten Besuch der \u201ebauma\u201c und nutzten die verf\u00fcgbare Zeit f\u00fcr eine Fahrt zum Deutschen Museum in der Landeshauptstadt M\u00fcnchen. Das Hauptziel war selbstverst\u00e4ndlich die bergbauliche Abteilung des Museums. Beginnend beim steinzeitlichen Bergbau zur Feuersteingewinnung mit den verwendeten Werkzeugen, \u00fcber die Genese der in Deutschland vorkommenden Lagerst\u00e4tten, bis hin zu modernen Abbautechniken und Gewinnungsmaschinen im Tage- und Tiefbau. Die Ausstellung war selbst in die Bereiche Erz, Braunkohle, Salz und Steinkohle unterteilt, was auch gut an der Gestaltung der R\u00e4ume zu erkennen war. Wir mussten jedoch feststellen, dass manche Informationstexte zu den Exponaten ohne bergbauliches Vorwissen (besonders Fachbegriffe) nur schwer verst\u00e4ndlich gewesen w\u00e4ren. Nachdem auch andere Themenbereiche des Museums, wie Schifffahrt, historische Luftfahrt, Kraftmaschinen und Gie\u00dferei, besichtigt wurden, st\u00e4rkten wir uns mit einer kleinen Mahlzeit und einem Wei\u00dfbier am Viktualienmarkt.<\/p>\n\n\n\n<p>Pechkohlenbergbaus und der Bergleute in Pei\u00dfenberg informiert. Die Aufnahmen stammen teilweise aus dem 19. Jahrhundert und wurden von den Vereinsmitgliedern zusammengestellt. Bei der anschlie\u00dfenden Einfahrt in den ehemaligen Tiefstollen erfuhren wir noch mehr \u00fcber den Pechkohlenabbau und die Arbeitsverh\u00e4ltnisse unter Tage. Den Abschluss der Befahrung bildete eine Schausprengung und ein Schnaps mit anschlie\u00dfend gesungenen Steiger. Eine F\u00fchrung durch das Bergbaumuseum mit bergm\u00e4nnischen Uniformen, Bergwerksmodellen und Exponaten die Auskunft \u00fcber das Leben und die soziale Stellung der Bergleute in der Gesellschaft geben, rundete den Besuch ab.<\/p>\n\n\n\n<p> An der Abendveranstaltung im Gasthaus \u201eSonne\u201c in Pei\u00dfenberg nahm eine Vielzahl an Vertretern aus der Wirtschaft und Vereinen teil. Darunter auch die Bezirksvereine Pei\u00dfenberg, Mitteldeutschland\/Th\u00fcringen und RWTH Aachen sowie ein Teil des RDB-Hauptvorstandes. Ein besonderer Programmpunkt war ein traditioneller Tanz, der die Zunft und die Arbeit der Bergleute mit Musik und verschiedene Figuren abbildet. Dieser Abend bot f\u00fcr viele die M\u00f6glichkeit bestehende Kontakte zu pflegen und neue Kontakte aus den verschiedensten Bereichen des Bergbaus zu kn\u00fcpfen.<br><br><\/p>\n\n\n\n<p><\/p>\n\n\n\n<p><strong>Freitag, 12.04.2019<br><\/strong>Am letzten Tag der Exkursion wurde das Werk Oberland der Rolf Strohmaier GmbH befahren. Zuvor stellte dessen Gesch\u00e4ftsf\u00fchrer, Herr Martin M\u00fcller, die Geologie und das Firmenprofil vor. Auch Herr Achim Glaser von der Mitteldeutschen Hartstein-Industrie AG nutzte die Gelegenheit das Unternehmen allgemein, die Strukturen und das Leistungsprofil vorzustellen. Die beiden Vortr\u00e4ge verdeutlichten die besondere Stellung der Steine\/Erden Industrie als gr\u00f6\u00dfter Rohstoffsektor in Deutschland neben Braunkohle, Salz und Erz.<\/p>\n\n\n\n<p>Nach dem typisch bayerischen\nFr\u00fchschoppen stand die Befahrung an. <\/p>\n\n\n\n<p>Eine Station der Befahrung war der Abbau und die Aufbereitung von Kies, Sand und Edelsplit. \u00dcber Sohlabbau mittels Radlader wird der Rohstoff aus bis zu 25 m m\u00e4chtigen Kiespaketen gewonnen, anschlie\u00dfend klassiert und \u00fcber Sp\u00fclanlagen von Sand getrennt. \u00dcber mehre F\u00f6rderb\u00e4nder und Verteilerstationen werden die Kiese und Sande ihrer Korngr\u00f6\u00dfe nach aufgesch\u00fcttet und zwischengelagert. Der n\u00e4chste Halt wurde an der Recyclinganlage f\u00fcr Ausbauasphalt eingelegt. Der Asphalt wird kleinst\u00fcckig, oder als Scholle angeliefert, sortiert, zerkleinert und in verschiedene Lieferk\u00f6rnungen klassiert. Die letzte Station war das Betonwerk, mit dem \u00fcber 500 verschiedene Rezepturen Beton hergestellt werden k\u00f6nnen. Nach der \u00dcbergabe der Gastgeschenke erfolgte die Verabschiedung und die Gruppe trat die R\u00fcckreise nach Freiberg an.<\/p>\n\n\n\n<p>An dieser Stelle m\u00f6chten wir\nuns bei unseren Kameraden des BV Pei\u00dfenberg und des Knappenvereins Pei\u00dfenberg\nf\u00fcr ihre Gastfreundschaft bedanken. Ein besonderer Dank gilt Herrn Martin\nM\u00fcller f\u00fcr die enorme Unterst\u00fctzung bei der Planung der Exkursion, seiner der\nHilfe w\u00e4hrend unseres Aufenthalts und f\u00fcr die Gastfreundschaft, die er und seine\nFamilie uns entgegengebracht haben. Wir freuen uns auf ein baldiges\nWiedersehen. Vielen Dank und Gl\u00fcck Auf!<\/p>\n\n\n\n<p>Studenten des BV TU\nBergakademie Freiberg <\/p>\n","protected":false},"excerpt":{"rendered":"<p>Fachexkursion des BV TU Bergakademie Freiberg vom 09.04. bis 12.04.2019 zum BV Pei\u00dfenberg \/ \u201ebauma\u201c-Messe M\u00fcnchen. Dienstag, 09.04.2019Um 8:00 Uhr startete die Exkursionsgruppe von Freiberg in Richtung Tauting auf. Kurz vor Ingolstadt wurde spontan entschieden, einen Halt am Audi museum mobile einzulegen. Die Geschichte und Entwicklung des Unternehmens Audi wurde anschaulich und informativ unter Ber\u00fccksichtigung &hellip; <\/p>\n<p><a class=\"more-link btn\" href=\"http:\/\/www.rdb-freiberg.de\/?page_id=162\">Weiterlesen<\/a><\/p>\n","protected":false},"author":1,"featured_media":0,"parent":186,"menu_order":-1,"comment_status":"closed","ping_status":"closed","template":"","meta":{"footnotes":""},"class_list":["post-162","page","type-page","status-publish","hentry","nodate","item-wrap"],"yoast_head":"<!-- This site is optimized with the Yoast SEO plugin v27.5 - https:\/\/yoast.com\/product\/yoast-seo-wordpress\/ -->\n<title>Fachexkursion des BV TU Bergakademie Freiberg 2019 - RDB e.V. BV Bergakademie Freiberg<\/title>\n<meta name=\"robots\" content=\"index, follow, max-snippet:-1, max-image-preview:large, max-video-preview:-1\" \/>\n<link rel=\"canonical\" href=\"http:\/\/www.rdb-freiberg.de\/?page_id=162\" \/>\n<meta property=\"og:locale\" content=\"de_DE\" \/>\n<meta property=\"og:type\" content=\"article\" \/>\n<meta property=\"og:title\" content=\"Fachexkursion des BV TU Bergakademie Freiberg 2019 - RDB e.V. BV Bergakademie Freiberg\" \/>\n<meta property=\"og:description\" content=\"Fachexkursion des BV TU Bergakademie Freiberg vom 09.04. bis 12.04.2019 zum BV Pei\u00dfenberg \/ \u201ebauma\u201c-Messe M\u00fcnchen. Dienstag, 09.04.2019Um 8:00 Uhr startete die Exkursionsgruppe von Freiberg in Richtung Tauting auf. Kurz vor Ingolstadt wurde spontan entschieden, einen Halt am Audi museum mobile einzulegen. Die Geschichte und Entwicklung des Unternehmens Audi wurde anschaulich und informativ unter Ber\u00fccksichtigung &hellip; Weiterlesen\" \/>\n<meta property=\"og:url\" content=\"http:\/\/www.rdb-freiberg.de\/?page_id=162\" \/>\n<meta property=\"og:site_name\" content=\"RDB e.V. BV Bergakademie Freiberg\" \/>\n<meta property=\"article:modified_time\" content=\"2019-11-15T19:32:04+00:00\" \/>\n<meta name=\"twitter:card\" content=\"summary_large_image\" \/>\n<meta name=\"twitter:label1\" content=\"Gesch\u00e4tzte Lesezeit\" \/>\n\t<meta name=\"twitter:data1\" content=\"5\u00a0Minuten\" \/>\n<script type=\"application\/ld+json\" class=\"yoast-schema-graph\">{\"@context\":\"https:\\\/\\\/schema.org\",\"@graph\":[{\"@type\":\"WebPage\",\"@id\":\"http:\\\/\\\/www.rdb-freiberg.de\\\/?page_id=162\",\"url\":\"http:\\\/\\\/www.rdb-freiberg.de\\\/?page_id=162\",\"name\":\"Fachexkursion des BV TU Bergakademie Freiberg 2019 - RDB e.V. BV Bergakademie Freiberg\",\"isPartOf\":{\"@id\":\"http:\\\/\\\/www.rdb-freiberg.de\\\/#website\"},\"datePublished\":\"2019-07-01T18:48:46+00:00\",\"dateModified\":\"2019-11-15T19:32:04+00:00\",\"breadcrumb\":{\"@id\":\"http:\\\/\\\/www.rdb-freiberg.de\\\/?page_id=162#breadcrumb\"},\"inLanguage\":\"de\",\"potentialAction\":[{\"@type\":\"ReadAction\",\"target\":[\"http:\\\/\\\/www.rdb-freiberg.de\\\/?page_id=162\"]}]},{\"@type\":\"BreadcrumbList\",\"@id\":\"http:\\\/\\\/www.rdb-freiberg.de\\\/?page_id=162#breadcrumb\",\"itemListElement\":[{\"@type\":\"ListItem\",\"position\":1,\"name\":\"Startseite\",\"item\":\"http:\\\/\\\/www.rdb-freiberg.de\\\/\"},{\"@type\":\"ListItem\",\"position\":2,\"name\":\"Berichte\",\"item\":\"http:\\\/\\\/www.rdb-freiberg.de\\\/?page_id=186\"},{\"@type\":\"ListItem\",\"position\":3,\"name\":\"Fachexkursion des BV TU Bergakademie Freiberg 2019\"}]},{\"@type\":\"WebSite\",\"@id\":\"http:\\\/\\\/www.rdb-freiberg.de\\\/#website\",\"url\":\"http:\\\/\\\/www.rdb-freiberg.de\\\/\",\"name\":\"RDB e.V. BV Bergakademie Freiberg\",\"description\":\"Ring Deutscher Bergingenieure TU Bergakademie Freiberg\",\"publisher\":{\"@id\":\"http:\\\/\\\/www.rdb-freiberg.de\\\/#organization\"},\"potentialAction\":[{\"@type\":\"SearchAction\",\"target\":{\"@type\":\"EntryPoint\",\"urlTemplate\":\"http:\\\/\\\/www.rdb-freiberg.de\\\/?s={search_term_string}\"},\"query-input\":{\"@type\":\"PropertyValueSpecification\",\"valueRequired\":true,\"valueName\":\"search_term_string\"}}],\"inLanguage\":\"de\"},{\"@type\":\"Organization\",\"@id\":\"http:\\\/\\\/www.rdb-freiberg.de\\\/#organization\",\"name\":\"Ring Deutscher Bergingenieure Bezirksverein Bergakademie Freiberg\",\"url\":\"http:\\\/\\\/www.rdb-freiberg.de\\\/\",\"logo\":{\"@type\":\"ImageObject\",\"inLanguage\":\"de\",\"@id\":\"http:\\\/\\\/www.rdb-freiberg.de\\\/#\\\/schema\\\/logo\\\/image\\\/\",\"url\":\"http:\\\/\\\/www.rdb-freiberg.de\\\/wp-content\\\/uploads\\\/2017\\\/12\\\/rdb-logo.jpg\",\"contentUrl\":\"http:\\\/\\\/www.rdb-freiberg.de\\\/wp-content\\\/uploads\\\/2017\\\/12\\\/rdb-logo.jpg\",\"width\":150,\"height\":150,\"caption\":\"Ring Deutscher Bergingenieure Bezirksverein Bergakademie Freiberg\"},\"image\":{\"@id\":\"http:\\\/\\\/www.rdb-freiberg.de\\\/#\\\/schema\\\/logo\\\/image\\\/\"},\"sameAs\":[\"https:\\\/\\\/de.wikipedia.org\\\/wiki\\\/Ring_Deutscher_Bergingenieure\"]}]}<\/script>\n<!-- \/ Yoast SEO plugin. -->","yoast_head_json":{"title":"Fachexkursion des BV TU Bergakademie Freiberg 2019 - RDB e.V. BV Bergakademie Freiberg","robots":{"index":"index","follow":"follow","max-snippet":"max-snippet:-1","max-image-preview":"max-image-preview:large","max-video-preview":"max-video-preview:-1"},"canonical":"http:\/\/www.rdb-freiberg.de\/?page_id=162","og_locale":"de_DE","og_type":"article","og_title":"Fachexkursion des BV TU Bergakademie Freiberg 2019 - RDB e.V. BV Bergakademie Freiberg","og_description":"Fachexkursion des BV TU Bergakademie Freiberg vom 09.04. bis 12.04.2019 zum BV Pei\u00dfenberg \/ \u201ebauma\u201c-Messe M\u00fcnchen. Dienstag, 09.04.2019Um 8:00 Uhr startete die Exkursionsgruppe von Freiberg in Richtung Tauting auf. Kurz vor Ingolstadt wurde spontan entschieden, einen Halt am Audi museum mobile einzulegen. Die Geschichte und Entwicklung des Unternehmens Audi wurde anschaulich und informativ unter Ber\u00fccksichtigung &hellip; Weiterlesen","og_url":"http:\/\/www.rdb-freiberg.de\/?page_id=162","og_site_name":"RDB e.V. BV Bergakademie Freiberg","article_modified_time":"2019-11-15T19:32:04+00:00","twitter_card":"summary_large_image","twitter_misc":{"Gesch\u00e4tzte Lesezeit":"5\u00a0Minuten"},"schema":{"@context":"https:\/\/schema.org","@graph":[{"@type":"WebPage","@id":"http:\/\/www.rdb-freiberg.de\/?page_id=162","url":"http:\/\/www.rdb-freiberg.de\/?page_id=162","name":"Fachexkursion des BV TU Bergakademie Freiberg 2019 - RDB e.V. BV Bergakademie Freiberg","isPartOf":{"@id":"http:\/\/www.rdb-freiberg.de\/#website"},"datePublished":"2019-07-01T18:48:46+00:00","dateModified":"2019-11-15T19:32:04+00:00","breadcrumb":{"@id":"http:\/\/www.rdb-freiberg.de\/?page_id=162#breadcrumb"},"inLanguage":"de","potentialAction":[{"@type":"ReadAction","target":["http:\/\/www.rdb-freiberg.de\/?page_id=162"]}]},{"@type":"BreadcrumbList","@id":"http:\/\/www.rdb-freiberg.de\/?page_id=162#breadcrumb","itemListElement":[{"@type":"ListItem","position":1,"name":"Startseite","item":"http:\/\/www.rdb-freiberg.de\/"},{"@type":"ListItem","position":2,"name":"Berichte","item":"http:\/\/www.rdb-freiberg.de\/?page_id=186"},{"@type":"ListItem","position":3,"name":"Fachexkursion des BV TU Bergakademie Freiberg 2019"}]},{"@type":"WebSite","@id":"http:\/\/www.rdb-freiberg.de\/#website","url":"http:\/\/www.rdb-freiberg.de\/","name":"RDB e.V. BV Bergakademie Freiberg","description":"Ring Deutscher Bergingenieure TU Bergakademie Freiberg","publisher":{"@id":"http:\/\/www.rdb-freiberg.de\/#organization"},"potentialAction":[{"@type":"SearchAction","target":{"@type":"EntryPoint","urlTemplate":"http:\/\/www.rdb-freiberg.de\/?s={search_term_string}"},"query-input":{"@type":"PropertyValueSpecification","valueRequired":true,"valueName":"search_term_string"}}],"inLanguage":"de"},{"@type":"Organization","@id":"http:\/\/www.rdb-freiberg.de\/#organization","name":"Ring Deutscher Bergingenieure Bezirksverein Bergakademie Freiberg","url":"http:\/\/www.rdb-freiberg.de\/","logo":{"@type":"ImageObject","inLanguage":"de","@id":"http:\/\/www.rdb-freiberg.de\/#\/schema\/logo\/image\/","url":"http:\/\/www.rdb-freiberg.de\/wp-content\/uploads\/2017\/12\/rdb-logo.jpg","contentUrl":"http:\/\/www.rdb-freiberg.de\/wp-content\/uploads\/2017\/12\/rdb-logo.jpg","width":150,"height":150,"caption":"Ring Deutscher Bergingenieure Bezirksverein Bergakademie Freiberg"},"image":{"@id":"http:\/\/www.rdb-freiberg.de\/#\/schema\/logo\/image\/"},"sameAs":["https:\/\/de.wikipedia.org\/wiki\/Ring_Deutscher_Bergingenieure"]}]}},"_links":{"self":[{"href":"http:\/\/www.rdb-freiberg.de\/index.php?rest_route=\/wp\/v2\/pages\/162","targetHints":{"allow":["GET"]}}],"collection":[{"href":"http:\/\/www.rdb-freiberg.de\/index.php?rest_route=\/wp\/v2\/pages"}],"about":[{"href":"http:\/\/www.rdb-freiberg.de\/index.php?rest_route=\/wp\/v2\/types\/page"}],"author":[{"embeddable":true,"href":"http:\/\/www.rdb-freiberg.de\/index.php?rest_route=\/wp\/v2\/users\/1"}],"replies":[{"embeddable":true,"href":"http:\/\/www.rdb-freiberg.de\/index.php?rest_route=%2Fwp%2Fv2%2Fcomments&post=162"}],"version-history":[{"count":13,"href":"http:\/\/www.rdb-freiberg.de\/index.php?rest_route=\/wp\/v2\/pages\/162\/revisions"}],"predecessor-version":[{"id":183,"href":"http:\/\/www.rdb-freiberg.de\/index.php?rest_route=\/wp\/v2\/pages\/162\/revisions\/183"}],"up":[{"embeddable":true,"href":"http:\/\/www.rdb-freiberg.de\/index.php?rest_route=\/wp\/v2\/pages\/186"}],"wp:attachment":[{"href":"http:\/\/www.rdb-freiberg.de\/index.php?rest_route=%2Fwp%2Fv2%2Fmedia&parent=162"}],"curies":[{"name":"wp","href":"https:\/\/api.w.org\/{rel}","templated":true}]}}