{"id":191,"date":"2019-07-15T08:01:58","date_gmt":"2019-07-15T07:01:58","guid":{"rendered":"http:\/\/www.rdb-freiberg.de\/?page_id=191"},"modified":"2019-07-15T08:01:58","modified_gmt":"2019-07-15T07:01:58","slug":"fachexkursion-des-bv-tu-bergakademie-freiberg-2019","status":"publish","type":"page","link":"http:\/\/www.rdb-freiberg.de\/?page_id=191","title":{"rendered":"Fachexkursion des BV TU Bergakademie Freiberg 2019"},"content":{"rendered":"\n<p> Fachexkursion des BV TU Bergakademie Freiberg vom 09.04. bis 12.04.2019 zum BV Pei\u00dfenberg \/ \u201ebauma\u201c-Messe M\u00fcnchen. <\/p>\n\n\n\n<p>Impressionen von dem &#8222;Audi museum mobile&#8220; in Ingolstadt.<\/p>\n\n\n\n<style type=\"text\/css\">\n#foogallery-gallery-165 .fg-image { width: 150px; }\n#foogallery-gallery-165 { --fg-gutter: 10px; }<\/style>\n\t\t\t<div class=\"foogallery foogallery-container foogallery-default foogallery-lightbox-none fg-center fg-default fg-ready fg-light fg-border-thin fg-shadow-outline fg-loading-default fg-loaded-fade-in fg-caption-hover fg-hover-fade fg-hover-zoom\" id=\"foogallery-gallery-165\" data-foogallery=\"{&quot;item&quot;:{&quot;showCaptionTitle&quot;:true,&quot;showCaptionDescription&quot;:true},&quot;lazy&quot;:true}\" style=\"--fg-title-line-clamp: 0; --fg-description-line-clamp: 0;\" >\n\t<div class=\"fg-item fg-type-image fg-idle\"><figure class=\"fg-item-inner\"><a href=\"http:\/\/www.rdb-freiberg.de\/wp-content\/uploads\/2019\/07\/Bild-2.jpg\" data-caption-desc=\"Historische Motorr\u00e4der\n(Privat)\" data-attachment-id=\"167\" data-type=\"image\" class=\"fg-thumb\"><span class=\"fg-image-wrap\"><img decoding=\"async\" width=\"150\" height=\"150\" class=\"skip-lazy fg-image\" data-src-fg=\"http:\/\/www.rdb-freiberg.de\/wp-content\/uploads\/cache\/2019\/07\/Bild-2\/2884864468.jpg\" src=\"data:image\/svg+xml,%3Csvg%20xmlns%3D%22http%3A%2F%2Fwww.w3.org%2F2000%2Fsvg%22%20width%3D%22150%22%20height%3D%22150%22%20viewBox%3D%220%200%20150%20150%22%3E%3C%2Fsvg%3E\" loading=\"eager\"><\/span><span class=\"fg-image-overlay\"><\/span><\/a><figcaption class=\"fg-caption\"><div class=\"fg-caption-inner\"><div class=\"fg-caption-desc\">Historische Motorr\u00e4der\n(Privat)<\/div><\/div><\/figcaption><\/figure><div class=\"fg-loader\"><\/div><\/div><div class=\"fg-item fg-type-image fg-idle\"><figure class=\"fg-item-inner\"><a href=\"http:\/\/www.rdb-freiberg.de\/wp-content\/uploads\/2019\/07\/Bild-1.jpg\" data-caption-desc=\"Paternoster mit Konzeptmodellen\n(Privat)\" data-attachment-id=\"166\" data-type=\"image\" class=\"fg-thumb\"><span class=\"fg-image-wrap\"><img decoding=\"async\" width=\"150\" height=\"150\" class=\"skip-lazy fg-image\" data-src-fg=\"http:\/\/www.rdb-freiberg.de\/wp-content\/uploads\/cache\/2019\/07\/Bild-1\/1116412481.jpg\" src=\"data:image\/svg+xml,%3Csvg%20xmlns%3D%22http%3A%2F%2Fwww.w3.org%2F2000%2Fsvg%22%20width%3D%22150%22%20height%3D%22150%22%20viewBox%3D%220%200%20150%20150%22%3E%3C%2Fsvg%3E\" loading=\"eager\"><\/span><span class=\"fg-image-overlay\"><\/span><\/a><figcaption class=\"fg-caption\"><div class=\"fg-caption-inner\"><div class=\"fg-caption-desc\">Paternoster mit Konzeptmodellen\n(Privat)<\/div><\/div><\/figcaption><\/figure><div class=\"fg-loader\"><\/div><\/div><\/div>\n\n\n\n\n<p>Impressionen von der &#8222;bauma&#8220;-Messe M\u00fcnchen 2019<\/p>\n\n\n\n<style type=\"text\/css\">\n#foogallery-gallery-173 .fg-image { width: 150px; }\n#foogallery-gallery-173 { --fg-gutter: 10px; }<\/style>\n\t\t\t<div class=\"foogallery foogallery-container foogallery-default foogallery-lightbox-none fg-center fg-default fg-ready fg-light fg-border-thin fg-shadow-outline fg-loading-default fg-loaded-fade-in fg-caption-hover fg-hover-fade fg-hover-zoom\" id=\"foogallery-gallery-173\" data-foogallery=\"{&quot;item&quot;:{&quot;showCaptionTitle&quot;:true,&quot;showCaptionDescription&quot;:true},&quot;lazy&quot;:true}\" style=\"--fg-title-line-clamp: 0; --fg-description-line-clamp: 0;\" >\n\t<div class=\"fg-item fg-type-image fg-idle\"><figure class=\"fg-item-inner\"><a href=\"http:\/\/www.rdb-freiberg.de\/wp-content\/uploads\/2019\/07\/Bild-3.jpg\" data-caption-desc=\"Vorf\u00fchrung der Fa. Komatsu auf dem Au\u00dfengel\u00e4nde\n(Privat)\" data-attachment-id=\"168\" data-type=\"image\" class=\"fg-thumb\"><span class=\"fg-image-wrap\"><img decoding=\"async\" width=\"150\" height=\"150\" class=\"skip-lazy fg-image\" data-src-fg=\"http:\/\/www.rdb-freiberg.de\/wp-content\/uploads\/cache\/2019\/07\/Bild-3\/271298177.jpg\" src=\"data:image\/svg+xml,%3Csvg%20xmlns%3D%22http%3A%2F%2Fwww.w3.org%2F2000%2Fsvg%22%20width%3D%22150%22%20height%3D%22150%22%20viewBox%3D%220%200%20150%20150%22%3E%3C%2Fsvg%3E\" loading=\"eager\"><\/span><span class=\"fg-image-overlay\"><\/span><\/a><figcaption class=\"fg-caption\"><div class=\"fg-caption-inner\"><div class=\"fg-caption-desc\">Vorf\u00fchrung der Fa. Komatsu auf dem Au\u00dfengel\u00e4nde\n(Privat)<\/div><\/div><\/figcaption><\/figure><div class=\"fg-loader\"><\/div><\/div><\/div>\n\n","protected":false},"excerpt":{"rendered":"<p>Fachexkursion des BV TU Bergakademie Freiberg vom 09.04. bis 12.04.2019 zum BV Pei\u00dfenberg \/ \u201ebauma\u201c-Messe M\u00fcnchen. Impressionen von dem &#8222;Audi museum mobile&#8220; in Ingolstadt. Impressionen von der &#8222;bauma&#8220;-Messe M\u00fcnchen 2019<\/p>\n","protected":false},"author":1,"featured_media":0,"parent":56,"menu_order":0,"comment_status":"closed","ping_status":"closed","template":"","meta":{"footnotes":""},"class_list":["post-191","page","type-page","status-publish","hentry","nodate","item-wrap"],"yoast_head":"<!-- This site is optimized with the Yoast SEO plugin v27.5 - https:\/\/yoast.com\/product\/yoast-seo-wordpress\/ -->\n<title>Fachexkursion des BV TU Bergakademie Freiberg 2019 - RDB e.V. BV Bergakademie Freiberg<\/title>\n<meta name=\"robots\" content=\"index, follow, max-snippet:-1, max-image-preview:large, max-video-preview:-1\" \/>\n<link rel=\"canonical\" href=\"http:\/\/www.rdb-freiberg.de\/?page_id=191\" \/>\n<meta property=\"og:locale\" content=\"de_DE\" \/>\n<meta property=\"og:type\" content=\"article\" \/>\n<meta property=\"og:title\" content=\"Fachexkursion des BV TU Bergakademie Freiberg 2019 - RDB e.V. BV Bergakademie Freiberg\" \/>\n<meta property=\"og:description\" content=\"Fachexkursion des BV TU Bergakademie Freiberg vom 09.04. bis 12.04.2019 zum BV Pei\u00dfenberg \/ \u201ebauma\u201c-Messe M\u00fcnchen. Impressionen von dem &#8222;Audi museum mobile&#8220; in Ingolstadt. Impressionen von der &#8222;bauma&#8220;-Messe M\u00fcnchen 2019\" \/>\n<meta property=\"og:url\" content=\"http:\/\/www.rdb-freiberg.de\/?page_id=191\" \/>\n<meta property=\"og:site_name\" content=\"RDB e.V. BV Bergakademie Freiberg\" \/>\n<meta name=\"twitter:card\" content=\"summary_large_image\" \/>\n<script type=\"application\/ld+json\" class=\"yoast-schema-graph\">{\"@context\":\"https:\\\/\\\/schema.org\",\"@graph\":[{\"@type\":\"WebPage\",\"@id\":\"http:\\\/\\\/www.rdb-freiberg.de\\\/?page_id=191\",\"url\":\"http:\\\/\\\/www.rdb-freiberg.de\\\/?page_id=191\",\"name\":\"Fachexkursion des BV TU Bergakademie Freiberg 2019 - RDB e.V. BV Bergakademie Freiberg\",\"isPartOf\":{\"@id\":\"http:\\\/\\\/www.rdb-freiberg.de\\\/#website\"},\"datePublished\":\"2019-07-15T07:01:58+00:00\",\"breadcrumb\":{\"@id\":\"http:\\\/\\\/www.rdb-freiberg.de\\\/?page_id=191#breadcrumb\"},\"inLanguage\":\"de\",\"potentialAction\":[{\"@type\":\"ReadAction\",\"target\":[\"http:\\\/\\\/www.rdb-freiberg.de\\\/?page_id=191\"]}]},{\"@type\":\"BreadcrumbList\",\"@id\":\"http:\\\/\\\/www.rdb-freiberg.de\\\/?page_id=191#breadcrumb\",\"itemListElement\":[{\"@type\":\"ListItem\",\"position\":1,\"name\":\"Startseite\",\"item\":\"http:\\\/\\\/www.rdb-freiberg.de\\\/\"},{\"@type\":\"ListItem\",\"position\":2,\"name\":\"Bilder\",\"item\":\"http:\\\/\\\/www.rdb-freiberg.de\\\/?page_id=56\"},{\"@type\":\"ListItem\",\"position\":3,\"name\":\"Fachexkursion des BV TU Bergakademie Freiberg 2019\"}]},{\"@type\":\"WebSite\",\"@id\":\"http:\\\/\\\/www.rdb-freiberg.de\\\/#website\",\"url\":\"http:\\\/\\\/www.rdb-freiberg.de\\\/\",\"name\":\"RDB e.V. BV Bergakademie Freiberg\",\"description\":\"Ring Deutscher Bergingenieure TU Bergakademie Freiberg\",\"publisher\":{\"@id\":\"http:\\\/\\\/www.rdb-freiberg.de\\\/#organization\"},\"potentialAction\":[{\"@type\":\"SearchAction\",\"target\":{\"@type\":\"EntryPoint\",\"urlTemplate\":\"http:\\\/\\\/www.rdb-freiberg.de\\\/?s={search_term_string}\"},\"query-input\":{\"@type\":\"PropertyValueSpecification\",\"valueRequired\":true,\"valueName\":\"search_term_string\"}}],\"inLanguage\":\"de\"},{\"@type\":\"Organization\",\"@id\":\"http:\\\/\\\/www.rdb-freiberg.de\\\/#organization\",\"name\":\"Ring Deutscher Bergingenieure Bezirksverein Bergakademie Freiberg\",\"url\":\"http:\\\/\\\/www.rdb-freiberg.de\\\/\",\"logo\":{\"@type\":\"ImageObject\",\"inLanguage\":\"de\",\"@id\":\"http:\\\/\\\/www.rdb-freiberg.de\\\/#\\\/schema\\\/logo\\\/image\\\/\",\"url\":\"http:\\\/\\\/www.rdb-freiberg.de\\\/wp-content\\\/uploads\\\/2017\\\/12\\\/rdb-logo.jpg\",\"contentUrl\":\"http:\\\/\\\/www.rdb-freiberg.de\\\/wp-content\\\/uploads\\\/2017\\\/12\\\/rdb-logo.jpg\",\"width\":150,\"height\":150,\"caption\":\"Ring Deutscher Bergingenieure Bezirksverein Bergakademie Freiberg\"},\"image\":{\"@id\":\"http:\\\/\\\/www.rdb-freiberg.de\\\/#\\\/schema\\\/logo\\\/image\\\/\"},\"sameAs\":[\"https:\\\/\\\/de.wikipedia.org\\\/wiki\\\/Ring_Deutscher_Bergingenieure\"]}]}<\/script>\n<!-- \/ Yoast SEO plugin. -->","yoast_head_json":{"title":"Fachexkursion des BV TU Bergakademie Freiberg 2019 - RDB e.V. BV Bergakademie Freiberg","robots":{"index":"index","follow":"follow","max-snippet":"max-snippet:-1","max-image-preview":"max-image-preview:large","max-video-preview":"max-video-preview:-1"},"canonical":"http:\/\/www.rdb-freiberg.de\/?page_id=191","og_locale":"de_DE","og_type":"article","og_title":"Fachexkursion des BV TU Bergakademie Freiberg 2019 - RDB e.V. BV Bergakademie Freiberg","og_description":"Fachexkursion des BV TU Bergakademie Freiberg vom 09.04. bis 12.04.2019 zum BV Pei\u00dfenberg \/ \u201ebauma\u201c-Messe M\u00fcnchen. Impressionen von dem &#8222;Audi museum mobile&#8220; in Ingolstadt. Impressionen von der &#8222;bauma&#8220;-Messe M\u00fcnchen 2019","og_url":"http:\/\/www.rdb-freiberg.de\/?page_id=191","og_site_name":"RDB e.V. BV Bergakademie Freiberg","twitter_card":"summary_large_image","schema":{"@context":"https:\/\/schema.org","@graph":[{"@type":"WebPage","@id":"http:\/\/www.rdb-freiberg.de\/?page_id=191","url":"http:\/\/www.rdb-freiberg.de\/?page_id=191","name":"Fachexkursion des BV TU Bergakademie Freiberg 2019 - RDB e.V. BV Bergakademie Freiberg","isPartOf":{"@id":"http:\/\/www.rdb-freiberg.de\/#website"},"datePublished":"2019-07-15T07:01:58+00:00","breadcrumb":{"@id":"http:\/\/www.rdb-freiberg.de\/?page_id=191#breadcrumb"},"inLanguage":"de","potentialAction":[{"@type":"ReadAction","target":["http:\/\/www.rdb-freiberg.de\/?page_id=191"]}]},{"@type":"BreadcrumbList","@id":"http:\/\/www.rdb-freiberg.de\/?page_id=191#breadcrumb","itemListElement":[{"@type":"ListItem","position":1,"name":"Startseite","item":"http:\/\/www.rdb-freiberg.de\/"},{"@type":"ListItem","position":2,"name":"Bilder","item":"http:\/\/www.rdb-freiberg.de\/?page_id=56"},{"@type":"ListItem","position":3,"name":"Fachexkursion des BV TU Bergakademie Freiberg 2019"}]},{"@type":"WebSite","@id":"http:\/\/www.rdb-freiberg.de\/#website","url":"http:\/\/www.rdb-freiberg.de\/","name":"RDB e.V. BV Bergakademie Freiberg","description":"Ring Deutscher Bergingenieure TU Bergakademie Freiberg","publisher":{"@id":"http:\/\/www.rdb-freiberg.de\/#organization"},"potentialAction":[{"@type":"SearchAction","target":{"@type":"EntryPoint","urlTemplate":"http:\/\/www.rdb-freiberg.de\/?s={search_term_string}"},"query-input":{"@type":"PropertyValueSpecification","valueRequired":true,"valueName":"search_term_string"}}],"inLanguage":"de"},{"@type":"Organization","@id":"http:\/\/www.rdb-freiberg.de\/#organization","name":"Ring Deutscher Bergingenieure Bezirksverein Bergakademie Freiberg","url":"http:\/\/www.rdb-freiberg.de\/","logo":{"@type":"ImageObject","inLanguage":"de","@id":"http:\/\/www.rdb-freiberg.de\/#\/schema\/logo\/image\/","url":"http:\/\/www.rdb-freiberg.de\/wp-content\/uploads\/2017\/12\/rdb-logo.jpg","contentUrl":"http:\/\/www.rdb-freiberg.de\/wp-content\/uploads\/2017\/12\/rdb-logo.jpg","width":150,"height":150,"caption":"Ring Deutscher Bergingenieure Bezirksverein Bergakademie Freiberg"},"image":{"@id":"http:\/\/www.rdb-freiberg.de\/#\/schema\/logo\/image\/"},"sameAs":["https:\/\/de.wikipedia.org\/wiki\/Ring_Deutscher_Bergingenieure"]}]}},"_links":{"self":[{"href":"http:\/\/www.rdb-freiberg.de\/index.php?rest_route=\/wp\/v2\/pages\/191","targetHints":{"allow":["GET"]}}],"collection":[{"href":"http:\/\/www.rdb-freiberg.de\/index.php?rest_route=\/wp\/v2\/pages"}],"about":[{"href":"http:\/\/www.rdb-freiberg.de\/index.php?rest_route=\/wp\/v2\/types\/page"}],"author":[{"embeddable":true,"href":"http:\/\/www.rdb-freiberg.de\/index.php?rest_route=\/wp\/v2\/users\/1"}],"replies":[{"embeddable":true,"href":"http:\/\/www.rdb-freiberg.de\/index.php?rest_route=%2Fwp%2Fv2%2Fcomments&post=191"}],"version-history":[{"count":3,"href":"http:\/\/www.rdb-freiberg.de\/index.php?rest_route=\/wp\/v2\/pages\/191\/revisions"}],"predecessor-version":[{"id":493,"href":"http:\/\/www.rdb-freiberg.de\/index.php?rest_route=\/wp\/v2\/pages\/191\/revisions\/493"}],"up":[{"embeddable":true,"href":"http:\/\/www.rdb-freiberg.de\/index.php?rest_route=\/wp\/v2\/pages\/56"}],"wp:attachment":[{"href":"http:\/\/www.rdb-freiberg.de\/index.php?rest_route=%2Fwp%2Fv2%2Fmedia&parent=191"}],"curies":[{"name":"wp","href":"https:\/\/api.w.org\/{rel}","templated":true}]}}